{"id":6546,"date":"2026-04-29T11:08:07","date_gmt":"2026-04-29T10:08:07","guid":{"rendered":"https:\/\/denda.museodelnacionalismovasco.eus\/?post_type=product&#038;p=6546"},"modified":"2026-04-29T11:13:54","modified_gmt":"2026-04-29T10:13:54","slug":"revista-hermes-83-monografico-sobre-el-fuero-vasco","status":"publish","type":"product","link":"https:\/\/denda.museodelnacionalismovasco.eus\/es\/producto\/revista-hermes-83-monografico-sobre-el-fuero-vasco\/","title":{"rendered":"Revista Hermes 83: Monogr\u00e1fico sobre el Fuero vasco"},"content":{"rendered":"<p>La revista de pensamiento e historia <em>Hermes<\/em>, editada por Sabino Arana Fundazioa, presenta su n\u00famero 83, una edici\u00f3n monogr\u00e1fica centrada en dos efem\u00e9rides clave de la historia vasca: el 500 aniversario del Fuero Nuevo de Bizkaia (1526) y el 150 aniversario de la abolici\u00f3n foral de 1876. Dos hitos que enmarcan el recorrido hist\u00f3rico de los fueros vascos, desde su consolidaci\u00f3n normativa hasta su supresi\u00f3n tras el final de la \u00faltima guerra carlista.<\/p>\n<p>El n\u00famero re\u00fane a historiadores, juristas y especialistas en ciencias sociales que analizan la evoluci\u00f3n de la foralidad como sistema jur\u00eddico, pol\u00edtico y social.<\/p>\n<p>Uno de los ejes centrales del n\u00famero es el di\u00e1logo entre <strong>Aitor Esteban<\/strong>, doctor en Derecho y presidente del EBB del EAJ-PNV, y <strong>Andr\u00e9s Urrutia<\/strong>, doctor en Derecho, notario presidente de Euskaltzaindia y presidente de la Academia Vasca de Derecho, quienes reflexionan sobre la vigencia del Fuero en el siglo XXI.<\/p>\n<p>Bajo la idea de que \u201cel Fuero es negociaci\u00f3n constante, pacto interno y externo, lo contrario de la imposici\u00f3n\u201d, ambos coinciden en se\u00f1alar que la foralidad constituye una tradici\u00f3n viva, basada en el acuerdo y la adaptaci\u00f3n, con capacidad para proyectarse en el contexto europeo actual.<\/p>\n<p>El di\u00e1logo repasa tambi\u00e9n el papel clave de la transici\u00f3n pol\u00edtica en la recuperaci\u00f3n del autogobierno, destacando la importancia de la apuesta por los derechos hist\u00f3ricos y su reconocimiento constitucional como v\u00eda pragm\u00e1tica y eficaz para reconstruir espacios de autogobierno.<\/p>\n<p>Asimismo, se subraya el valor del Concierto Econ\u00f3mico y de los instrumentos forales como expresiones contempor\u00e1neas de esa tradici\u00f3n pactista, as\u00ed como la necesidad de seguir reivindicando la capacidad de decisi\u00f3n propia desde una perspectiva hist\u00f3rica y jur\u00eddica.<\/p>\n<p><strong>Aportaciones desde la historia, el derecho y la cultura<\/strong><\/p>\n<p>Entre las colaboraciones, <strong>Andr\u00e9s Urrutia<\/strong> aborda la pervivencia del Derecho civil foral y su adaptaci\u00f3n a la actualidad, mientras que el investigador e historiador <strong>Joseba Agirreazkuenaga<\/strong> sit\u00faa el devenir foral en el contexto del siglo XIX y su encaje en la construcci\u00f3n del Estado liberal. Por su parte, <strong>Gotzon Lobera<\/strong>, miembro correspondiente de Euskaltzaindia, aborda la relaci\u00f3n entre el Fuero y el euskera, subrayando la coexistencia hist\u00f3rica de lenguas en las instituciones forales y el papel de la traducci\u00f3n para garantizar la participaci\u00f3n y comprensi\u00f3n en las Juntas Generales.<\/p>\n<p>Las contribuciones de otros expertos como <strong>Eduardo J. Alonso<\/strong>, de la c\u00e1tedra de Concierto Econ\u00f3mico de la EHU, o el jurista <strong>Emilio Olabarria<\/strong> completan una mirada multidisciplinar que aborda aspectos jur\u00eddicos, sociales y pol\u00edticos del sistema foral, desde su dimensi\u00f3n institucional hasta sus implicaciones en \u00e1mbitos como la protecci\u00f3n social o la organizaci\u00f3n comunitaria.<\/p>\n<p>Con este n\u00famero, <em>Hermes<\/em> pretende ofrecer una mirada sint\u00e9tica pero profunda sobre la trayectoria hist\u00f3rica de los fueros y su proyecci\u00f3n en el presente, reivindicando su valor como expresi\u00f3n de autogobierno y como herramienta \u00fatil para afrontar los retos de la sociedad actual.<\/p>\n<p>Finalmente, la publicaci\u00f3n recoge, tambi\u00e9n, las opiniones de algunas personas que han colaborado o han sido lectores de esta segunda etapa de la revista en su segundo aniversario.<\/p>\n","protected":false},"excerpt":{"rendered":"<p><strong>Aitor Esteban y Andr\u00e9s Urrutia reivindican la vigencia del pacto foral en el \u00faltimo Hermes: del Fuero al Concierto Econ\u00f3mico<\/strong><strong>\u00a0<\/strong><\/p>\n","protected":false},"featured_media":6548,"template":"","meta":[],"product_brand":[],"product_cat":[96],"product_tag":[137,138,136,132,134,122,131,140,139],"class_list":{"0":"post-6546","1":"product","2":"type-product","3":"status-publish","4":"has-post-thumbnail","6":"product_cat-publicaciones","7":"product_tag-basquecountry","8":"product_tag-denda","9":"product_tag-euskadi","10":"product_tag-euskal-abertzaletasunaren-museoa","11":"product_tag-euzkadi","12":"product_tag-hermes","13":"product_tag-museo-del-nacionalismo-vasco","14":"product_tag-museum-of-basque-nationalism","15":"product_tag-tienda","17":"first","18":"instock","19":"shipping-taxable","20":"purchasable","21":"product-type-simple"},"yoast_head":"<!-- This site is optimized with the Yoast SEO plugin v24.7 - https:\/\/yoast.com\/wordpress\/plugins\/seo\/ -->\n<title>Revista Hermes 83: Monogr\u00e1fico sobre el Fuero vasco - Museo del Nacionalismo Vasco - Tienda<\/title>\n<meta name=\"description\" content=\"Hermes, revista de pensamiento y opini\u00f3n, numero 81\" \/>\n<meta name=\"robots\" content=\"index, follow, max-snippet:-1, max-image-preview:large, max-video-preview:-1\" \/>\n<link rel=\"canonical\" href=\"https:\/\/denda.museodelnacionalismovasco.eus\/es\/producto\/revista-hermes-83-monografico-sobre-el-fuero-vasco\/\" \/>\n<meta property=\"og:locale\" content=\"es_ES\" \/>\n<meta property=\"og:type\" content=\"article\" \/>\n<meta property=\"og:title\" content=\"Revista Hermes 83: Monogr\u00e1fico sobre el Fuero vasco - Museo del Nacionalismo Vasco - Tienda\" \/>\n<meta property=\"og:description\" content=\"Hermes, revista de pensamiento y opini\u00f3n, numero 81\" \/>\n<meta property=\"og:url\" content=\"https:\/\/denda.museodelnacionalismovasco.eus\/es\/producto\/revista-hermes-83-monografico-sobre-el-fuero-vasco\/\" \/>\n<meta property=\"og:site_name\" content=\"Museo del Nacionalismo Vasco - Tienda\" \/>\n<meta property=\"article:modified_time\" content=\"2026-04-29T10:13:54+00:00\" \/>\n<meta property=\"og:image\" content=\"https:\/\/denda.museodelnacionalismovasco.eus\/wp-content\/uploads\/2026\/04\/Hermes-83-portada.jpg\" \/>\n\t<meta property=\"og:image:width\" content=\"595\" \/>\n\t<meta property=\"og:image:height\" content=\"842\" \/>\n\t<meta property=\"og:image:type\" content=\"image\/jpeg\" \/>\n<meta name=\"twitter:card\" content=\"summary_large_image\" \/>\n<meta name=\"twitter:label1\" content=\"Tiempo de lectura\" \/>\n\t<meta name=\"twitter:data1\" content=\"3 minutos\" \/>\n<script type=\"application\/ld+json\" class=\"yoast-schema-graph\">{\"@context\":\"https:\/\/schema.org\",\"@graph\":[{\"@type\":\"WebPage\",\"@id\":\"https:\/\/denda.museodelnacionalismovasco.eus\/es\/producto\/revista-hermes-83-monografico-sobre-el-fuero-vasco\/\",\"url\":\"https:\/\/denda.museodelnacionalismovasco.eus\/es\/producto\/revista-hermes-83-monografico-sobre-el-fuero-vasco\/\",\"name\":\"Revista Hermes 83: Monogr\u00e1fico sobre el Fuero vasco - Museo del Nacionalismo Vasco - Tienda\",\"isPartOf\":{\"@id\":\"https:\/\/denda.museodelnacionalismovasco.eus\/es\/#website\"},\"primaryImageOfPage\":{\"@id\":\"https:\/\/denda.museodelnacionalismovasco.eus\/es\/producto\/revista-hermes-83-monografico-sobre-el-fuero-vasco\/#primaryimage\"},\"image\":{\"@id\":\"https:\/\/denda.museodelnacionalismovasco.eus\/es\/producto\/revista-hermes-83-monografico-sobre-el-fuero-vasco\/#primaryimage\"},\"thumbnailUrl\":\"https:\/\/denda.museodelnacionalismovasco.eus\/wp-content\/uploads\/2026\/04\/Hermes-83-portada.jpg\",\"datePublished\":\"2026-04-29T10:08:07+00:00\",\"dateModified\":\"2026-04-29T10:13:54+00:00\",\"description\":\"Hermes, revista de pensamiento y opini\u00f3n, numero 81\",\"breadcrumb\":{\"@id\":\"https:\/\/denda.museodelnacionalismovasco.eus\/es\/producto\/revista-hermes-83-monografico-sobre-el-fuero-vasco\/#breadcrumb\"},\"inLanguage\":\"es\",\"potentialAction\":[{\"@type\":\"ReadAction\",\"target\":[\"https:\/\/denda.museodelnacionalismovasco.eus\/es\/producto\/revista-hermes-83-monografico-sobre-el-fuero-vasco\/\"]}]},{\"@type\":\"ImageObject\",\"inLanguage\":\"es\",\"@id\":\"https:\/\/denda.museodelnacionalismovasco.eus\/es\/producto\/revista-hermes-83-monografico-sobre-el-fuero-vasco\/#primaryimage\",\"url\":\"https:\/\/denda.museodelnacionalismovasco.eus\/wp-content\/uploads\/2026\/04\/Hermes-83-portada.jpg\",\"contentUrl\":\"https:\/\/denda.museodelnacionalismovasco.eus\/wp-content\/uploads\/2026\/04\/Hermes-83-portada.jpg\",\"width\":595,\"height\":842},{\"@type\":\"BreadcrumbList\",\"@id\":\"https:\/\/denda.museodelnacionalismovasco.eus\/es\/producto\/revista-hermes-83-monografico-sobre-el-fuero-vasco\/#breadcrumb\",\"itemListElement\":[{\"@type\":\"ListItem\",\"position\":1,\"name\":\"Portada\",\"item\":\"https:\/\/denda.museodelnacionalismovasco.eus\/es\/\"},{\"@type\":\"ListItem\",\"position\":2,\"name\":\"Shop\",\"item\":\"https:\/\/denda.museodelnacionalismovasco.eus\/es\/shop\/\"},{\"@type\":\"ListItem\",\"position\":3,\"name\":\"Revista Hermes 83: Monogr\u00e1fico sobre el Fuero vasco\"}]},{\"@type\":\"WebSite\",\"@id\":\"https:\/\/denda.museodelnacionalismovasco.eus\/es\/#website\",\"url\":\"https:\/\/denda.museodelnacionalismovasco.eus\/es\/\",\"name\":\"Museo del Nacionalismo Vasco - Tienda\",\"description\":\"\",\"potentialAction\":[{\"@type\":\"SearchAction\",\"target\":{\"@type\":\"EntryPoint\",\"urlTemplate\":\"https:\/\/denda.museodelnacionalismovasco.eus\/es\/?s={search_term_string}\"},\"query-input\":{\"@type\":\"PropertyValueSpecification\",\"valueRequired\":true,\"valueName\":\"search_term_string\"}}],\"inLanguage\":\"es\"}]}<\/script>\n<!-- \/ Yoast SEO plugin. -->","yoast_head_json":{"title":"Revista Hermes 83: Monogr\u00e1fico sobre el Fuero vasco - Museo del Nacionalismo Vasco - Tienda","description":"Hermes, revista de pensamiento y opini\u00f3n, numero 81","robots":{"index":"index","follow":"follow","max-snippet":"max-snippet:-1","max-image-preview":"max-image-preview:large","max-video-preview":"max-video-preview:-1"},"canonical":"https:\/\/denda.museodelnacionalismovasco.eus\/es\/producto\/revista-hermes-83-monografico-sobre-el-fuero-vasco\/","og_locale":"es_ES","og_type":"article","og_title":"Revista Hermes 83: Monogr\u00e1fico sobre el Fuero vasco - Museo del Nacionalismo Vasco - Tienda","og_description":"Hermes, revista de pensamiento y opini\u00f3n, numero 81","og_url":"https:\/\/denda.museodelnacionalismovasco.eus\/es\/producto\/revista-hermes-83-monografico-sobre-el-fuero-vasco\/","og_site_name":"Museo del Nacionalismo Vasco - Tienda","article_modified_time":"2026-04-29T10:13:54+00:00","og_image":[{"width":595,"height":842,"url":"https:\/\/denda.museodelnacionalismovasco.eus\/wp-content\/uploads\/2026\/04\/Hermes-83-portada.jpg","type":"image\/jpeg"}],"twitter_card":"summary_large_image","twitter_misc":{"Tiempo de lectura":"3 minutos"},"schema":{"@context":"https:\/\/schema.org","@graph":[{"@type":"WebPage","@id":"https:\/\/denda.museodelnacionalismovasco.eus\/es\/producto\/revista-hermes-83-monografico-sobre-el-fuero-vasco\/","url":"https:\/\/denda.museodelnacionalismovasco.eus\/es\/producto\/revista-hermes-83-monografico-sobre-el-fuero-vasco\/","name":"Revista Hermes 83: Monogr\u00e1fico sobre el Fuero vasco - Museo del Nacionalismo Vasco - Tienda","isPartOf":{"@id":"https:\/\/denda.museodelnacionalismovasco.eus\/es\/#website"},"primaryImageOfPage":{"@id":"https:\/\/denda.museodelnacionalismovasco.eus\/es\/producto\/revista-hermes-83-monografico-sobre-el-fuero-vasco\/#primaryimage"},"image":{"@id":"https:\/\/denda.museodelnacionalismovasco.eus\/es\/producto\/revista-hermes-83-monografico-sobre-el-fuero-vasco\/#primaryimage"},"thumbnailUrl":"https:\/\/denda.museodelnacionalismovasco.eus\/wp-content\/uploads\/2026\/04\/Hermes-83-portada.jpg","datePublished":"2026-04-29T10:08:07+00:00","dateModified":"2026-04-29T10:13:54+00:00","description":"Hermes, revista de pensamiento y opini\u00f3n, numero 81","breadcrumb":{"@id":"https:\/\/denda.museodelnacionalismovasco.eus\/es\/producto\/revista-hermes-83-monografico-sobre-el-fuero-vasco\/#breadcrumb"},"inLanguage":"es","potentialAction":[{"@type":"ReadAction","target":["https:\/\/denda.museodelnacionalismovasco.eus\/es\/producto\/revista-hermes-83-monografico-sobre-el-fuero-vasco\/"]}]},{"@type":"ImageObject","inLanguage":"es","@id":"https:\/\/denda.museodelnacionalismovasco.eus\/es\/producto\/revista-hermes-83-monografico-sobre-el-fuero-vasco\/#primaryimage","url":"https:\/\/denda.museodelnacionalismovasco.eus\/wp-content\/uploads\/2026\/04\/Hermes-83-portada.jpg","contentUrl":"https:\/\/denda.museodelnacionalismovasco.eus\/wp-content\/uploads\/2026\/04\/Hermes-83-portada.jpg","width":595,"height":842},{"@type":"BreadcrumbList","@id":"https:\/\/denda.museodelnacionalismovasco.eus\/es\/producto\/revista-hermes-83-monografico-sobre-el-fuero-vasco\/#breadcrumb","itemListElement":[{"@type":"ListItem","position":1,"name":"Portada","item":"https:\/\/denda.museodelnacionalismovasco.eus\/es\/"},{"@type":"ListItem","position":2,"name":"Shop","item":"https:\/\/denda.museodelnacionalismovasco.eus\/es\/shop\/"},{"@type":"ListItem","position":3,"name":"Revista Hermes 83: Monogr\u00e1fico sobre el Fuero vasco"}]},{"@type":"WebSite","@id":"https:\/\/denda.museodelnacionalismovasco.eus\/es\/#website","url":"https:\/\/denda.museodelnacionalismovasco.eus\/es\/","name":"Museo del Nacionalismo Vasco - Tienda","description":"","potentialAction":[{"@type":"SearchAction","target":{"@type":"EntryPoint","urlTemplate":"https:\/\/denda.museodelnacionalismovasco.eus\/es\/?s={search_term_string}"},"query-input":{"@type":"PropertyValueSpecification","valueRequired":true,"valueName":"search_term_string"}}],"inLanguage":"es"}]}},"_links":{"self":[{"href":"https:\/\/denda.museodelnacionalismovasco.eus\/es\/wp-json\/wp\/v2\/product\/6546","targetHints":{"allow":["GET"]}}],"collection":[{"href":"https:\/\/denda.museodelnacionalismovasco.eus\/es\/wp-json\/wp\/v2\/product"}],"about":[{"href":"https:\/\/denda.museodelnacionalismovasco.eus\/es\/wp-json\/wp\/v2\/types\/product"}],"wp:featuredmedia":[{"embeddable":true,"href":"https:\/\/denda.museodelnacionalismovasco.eus\/es\/wp-json\/wp\/v2\/media\/6548"}],"wp:attachment":[{"href":"https:\/\/denda.museodelnacionalismovasco.eus\/es\/wp-json\/wp\/v2\/media?parent=6546"}],"wp:term":[{"taxonomy":"product_brand","embeddable":true,"href":"https:\/\/denda.museodelnacionalismovasco.eus\/es\/wp-json\/wp\/v2\/product_brand?post=6546"},{"taxonomy":"product_cat","embeddable":true,"href":"https:\/\/denda.museodelnacionalismovasco.eus\/es\/wp-json\/wp\/v2\/product_cat?post=6546"},{"taxonomy":"product_tag","embeddable":true,"href":"https:\/\/denda.museodelnacionalismovasco.eus\/es\/wp-json\/wp\/v2\/product_tag?post=6546"}],"curies":[{"name":"wp","href":"https:\/\/api.w.org\/{rel}","templated":true}]}}