{"id":5790,"date":"2025-06-16T10:09:20","date_gmt":"2025-06-16T09:09:20","guid":{"rendered":"https:\/\/denda.museodelnacionalismovasco.eus\/?post_type=product&#038;p=5790"},"modified":"2025-12-18T12:38:47","modified_gmt":"2025-12-18T11:38:47","slug":"colgante-lauburu-de-colores-15mm","status":"publish","type":"product","link":"https:\/\/denda.museodelnacionalismovasco.eus\/es\/producto\/colgante-lauburu-de-colores-15mm\/","title":{"rendered":"Colgante Lauburu de colores \u2013 15mm Cord\u00f3n"},"content":{"rendered":"<p>Precioso colgante en forma de\u00a0Lauburu.<\/p>\n<p>Este\u00a0amuleto\u00a0de cuatro hojas es un s\u00edmbolo mitol\u00f3gico ancestral muy\u00a0caracter\u00edstico\u00a0en la cultura y costumbres del\u00a0Pa\u00eds Vasco. El\u00a0Lauburu\u00a0(\u201ccuatro cabezas\u201d) representa un\u00a0sol en movimiento, del cual estaba extendida la creencia de que dicho\u00a0sol\u00a0ten\u00eda poder contra la influencia del mal. Las cabezas de la vertical representan a la expresi\u00f3n femenina (emocional y perceptiva) o los elementos del\u00a0fuego\u00a0y del\u00a0agua. Por su parte, las cabezas horizontales simbolizan la energ\u00eda masculina (mental y f\u00edsica) o los elementos\u00a0aire\u00a0y\u00a0tierra.<\/p>\n<ul>\n<li>Composici\u00f3n:\u00a0 Acero inoxidable quir\u00fargico \u00a0316 L hipoalerg\u00e9nico (no magn\u00e9tico), Esmalte de colores.<\/li>\n<li>Tama\u00f1o:\u00a0 Di\u00e1metro del colgante:\u00a0 S 15mm<\/li>\n<li>Soporte: \u00a0Cord\u00f3n negro de aprox. 45cm de largo<\/li>\n<li>Presentaci\u00f3n:\u00a01x Cajita de cart\u00f3n\u00a0\u00abBasque Live\u00bb, 1x Descripci\u00f3n, 1x Colgante\u00a0Lauburu.<\/li>\n<li>Peso con embalaje:\u00a0Aprox. 30 gramos.<\/li>\n<\/ul>\n","protected":false},"excerpt":{"rendered":"<p>Colgante en forma de Lauburu, el s\u00edmbolo\u00a0mitol\u00f3gico\u00a0vasco\u00a0muy presente en la cultura y costumbres de\u00a0Euskadi. El\u00a0colgante\u00a0est\u00e1 elaborado de\u00a0acero quir\u00fargico inoxidable de la mejor calidad\u00a0y esmalte\u00a0de colores.<\/p>\n","protected":false},"featured_media":5795,"template":"","meta":[],"product_brand":[],"product_cat":[170,145],"product_tag":[],"class_list":{"0":"post-5790","1":"product","2":"type-product","3":"status-publish","4":"has-post-thumbnail","6":"product_cat-colgante","7":"product_cat-joyeria","9":"first","10":"instock","11":"shipping-taxable","12":"purchasable","13":"product-type-variable"},"yoast_head":"<!-- This site is optimized with the Yoast SEO plugin v24.7 - https:\/\/yoast.com\/wordpress\/plugins\/seo\/ -->\n<title>Colgante Lauburu de colores \u2013 15mm Cord\u00f3n - Museo del Nacionalismo Vasco - Tienda<\/title>\n<meta name=\"description\" content=\"Precioso colgante en forma de\u00a0Lauburu. Este\u00a0amuleto\u00a0de cuatro hojas es un s\u00edmbolo mitol\u00f3gico ancestral muy\u00a0caracter\u00edstico\u00a0en la cultura y costumbres del\u00a0Pa\u00eds Vasco. El\u00a0Lauburu\u00a0(\u201ccuatro cabezas\u201d) representa un\u00a0sol en movimiento, del cual estaba extendida la creencia de que dicho\u00a0sol\u00a0ten\u00eda poder contra la influencia del mal. Las cabezas de la vertical representan a la expresi\u00f3n femenina (emocional y perceptiva) o los elementos del\u00a0fuego\u00a0y del\u00a0agua. Por su parte, las cabezas horizontales simbolizan la energ\u00eda masculina (mental y f\u00edsica) o los elementos\u00a0aire\u00a0y\u00a0tierra. Composici\u00f3n:\u00a0 Acero inoxidable quir\u00fargico \u00a0316 L hipoalerg\u00e9nico (no magn\u00e9tico), Esmalte de colores. Tama\u00f1o:\u00a0 Di\u00e1metro del colgante:\u00a0 S 15mmSoporte: \u00a0Cord\u00f3n negro de aprox. 45cm de largo Presentaci\u00f3n:\u00a01x Cajita de cart\u00f3n\u00a0\u00abBasque Live\u00bb, 1x Descripci\u00f3n, 1x Colgante\u00a0Lauburu. Peso con embalaje:\u00a0Aprox. 30 gramos.\" \/>\n<meta name=\"robots\" content=\"index, follow, max-snippet:-1, max-image-preview:large, max-video-preview:-1\" \/>\n<link rel=\"canonical\" href=\"https:\/\/denda.museodelnacionalismovasco.eus\/es\/producto\/colgante-lauburu-de-colores-15mm\/\" \/>\n<meta property=\"og:locale\" content=\"es_ES\" \/>\n<meta property=\"og:type\" content=\"article\" \/>\n<meta property=\"og:title\" content=\"Colgante Lauburu de colores \u2013 15mm Cord\u00f3n - Museo del Nacionalismo Vasco - Tienda\" \/>\n<meta property=\"og:description\" content=\"Precioso colgante en forma de\u00a0Lauburu. Este\u00a0amuleto\u00a0de cuatro hojas es un s\u00edmbolo mitol\u00f3gico ancestral muy\u00a0caracter\u00edstico\u00a0en la cultura y costumbres del\u00a0Pa\u00eds Vasco. El\u00a0Lauburu\u00a0(\u201ccuatro cabezas\u201d) representa un\u00a0sol en movimiento, del cual estaba extendida la creencia de que dicho\u00a0sol\u00a0ten\u00eda poder contra la influencia del mal. Las cabezas de la vertical representan a la expresi\u00f3n femenina (emocional y perceptiva) o los elementos del\u00a0fuego\u00a0y del\u00a0agua. Por su parte, las cabezas horizontales simbolizan la energ\u00eda masculina (mental y f\u00edsica) o los elementos\u00a0aire\u00a0y\u00a0tierra. Composici\u00f3n:\u00a0 Acero inoxidable quir\u00fargico \u00a0316 L hipoalerg\u00e9nico (no magn\u00e9tico), Esmalte de colores. Tama\u00f1o:\u00a0 Di\u00e1metro del colgante:\u00a0 S 15mmSoporte: \u00a0Cord\u00f3n negro de aprox. 45cm de largo Presentaci\u00f3n:\u00a01x Cajita de cart\u00f3n\u00a0\u00abBasque Live\u00bb, 1x Descripci\u00f3n, 1x Colgante\u00a0Lauburu. Peso con embalaje:\u00a0Aprox. 30 gramos.\" \/>\n<meta property=\"og:url\" content=\"https:\/\/denda.museodelnacionalismovasco.eus\/es\/producto\/colgante-lauburu-de-colores-15mm\/\" \/>\n<meta property=\"og:site_name\" content=\"Museo del Nacionalismo Vasco - Tienda\" \/>\n<meta property=\"article:modified_time\" content=\"2025-12-18T11:38:47+00:00\" \/>\n<meta property=\"og:image\" content=\"https:\/\/denda.museodelnacionalismovasco.eus\/wp-content\/uploads\/2025\/06\/gargantilla-laurubu-colorines-cordon-10.jpg\" \/>\n\t<meta property=\"og:image:width\" content=\"1652\" \/>\n\t<meta property=\"og:image:height\" content=\"1652\" \/>\n\t<meta property=\"og:image:type\" content=\"image\/jpeg\" \/>\n<meta name=\"twitter:card\" content=\"summary_large_image\" \/>\n<meta name=\"twitter:label1\" content=\"Tiempo de lectura\" \/>\n\t<meta name=\"twitter:data1\" content=\"1 minuto\" \/>\n<script type=\"application\/ld+json\" class=\"yoast-schema-graph\">{\"@context\":\"https:\/\/schema.org\",\"@graph\":[{\"@type\":\"WebPage\",\"@id\":\"https:\/\/denda.museodelnacionalismovasco.eus\/es\/producto\/colgante-lauburu-de-colores-15mm\/\",\"url\":\"https:\/\/denda.museodelnacionalismovasco.eus\/es\/producto\/colgante-lauburu-de-colores-15mm\/\",\"name\":\"Colgante Lauburu de colores \u2013 15mm Cord\u00f3n - Museo del Nacionalismo Vasco - Tienda\",\"isPartOf\":{\"@id\":\"https:\/\/denda.museodelnacionalismovasco.eus\/es\/#website\"},\"primaryImageOfPage\":{\"@id\":\"https:\/\/denda.museodelnacionalismovasco.eus\/es\/producto\/colgante-lauburu-de-colores-15mm\/#primaryimage\"},\"image\":{\"@id\":\"https:\/\/denda.museodelnacionalismovasco.eus\/es\/producto\/colgante-lauburu-de-colores-15mm\/#primaryimage\"},\"thumbnailUrl\":\"https:\/\/denda.museodelnacionalismovasco.eus\/wp-content\/uploads\/2025\/06\/gargantilla-laurubu-colorines-cordon-10.jpg\",\"datePublished\":\"2025-06-16T09:09:20+00:00\",\"dateModified\":\"2025-12-18T11:38:47+00:00\",\"description\":\"Precioso colgante en forma de\u00a0Lauburu. Este\u00a0amuleto\u00a0de cuatro hojas es un s\u00edmbolo mitol\u00f3gico ancestral muy\u00a0caracter\u00edstico\u00a0en la cultura y costumbres del\u00a0Pa\u00eds Vasco. El\u00a0Lauburu\u00a0(\u201ccuatro cabezas\u201d) representa un\u00a0sol en movimiento, del cual estaba extendida la creencia de que dicho\u00a0sol\u00a0ten\u00eda poder contra la influencia del mal. Las cabezas de la vertical representan a la expresi\u00f3n femenina (emocional y perceptiva) o los elementos del\u00a0fuego\u00a0y del\u00a0agua. Por su parte, las cabezas horizontales simbolizan la energ\u00eda masculina (mental y f\u00edsica) o los elementos\u00a0aire\u00a0y\u00a0tierra. Composici\u00f3n:\u00a0 Acero inoxidable quir\u00fargico \u00a0316 L hipoalerg\u00e9nico (no magn\u00e9tico), Esmalte de colores. Tama\u00f1o:\u00a0 Di\u00e1metro del colgante:\u00a0 S 15mmSoporte: \u00a0Cord\u00f3n negro de aprox. 45cm de largo Presentaci\u00f3n:\u00a01x Cajita de cart\u00f3n\u00a0\u00abBasque Live\u00bb, 1x Descripci\u00f3n, 1x Colgante\u00a0Lauburu. Peso con embalaje:\u00a0Aprox. 30 gramos.\",\"breadcrumb\":{\"@id\":\"https:\/\/denda.museodelnacionalismovasco.eus\/es\/producto\/colgante-lauburu-de-colores-15mm\/#breadcrumb\"},\"inLanguage\":\"es\",\"potentialAction\":[{\"@type\":\"ReadAction\",\"target\":[\"https:\/\/denda.museodelnacionalismovasco.eus\/es\/producto\/colgante-lauburu-de-colores-15mm\/\"]}]},{\"@type\":\"ImageObject\",\"inLanguage\":\"es\",\"@id\":\"https:\/\/denda.museodelnacionalismovasco.eus\/es\/producto\/colgante-lauburu-de-colores-15mm\/#primaryimage\",\"url\":\"https:\/\/denda.museodelnacionalismovasco.eus\/wp-content\/uploads\/2025\/06\/gargantilla-laurubu-colorines-cordon-10.jpg\",\"contentUrl\":\"https:\/\/denda.museodelnacionalismovasco.eus\/wp-content\/uploads\/2025\/06\/gargantilla-laurubu-colorines-cordon-10.jpg\",\"width\":1652,\"height\":1652,\"caption\":\"Colgante lauburu koloreak zintzilikarioa\"},{\"@type\":\"BreadcrumbList\",\"@id\":\"https:\/\/denda.museodelnacionalismovasco.eus\/es\/producto\/colgante-lauburu-de-colores-15mm\/#breadcrumb\",\"itemListElement\":[{\"@type\":\"ListItem\",\"position\":1,\"name\":\"Portada\",\"item\":\"https:\/\/denda.museodelnacionalismovasco.eus\/es\/\"},{\"@type\":\"ListItem\",\"position\":2,\"name\":\"Shop\",\"item\":\"https:\/\/denda.museodelnacionalismovasco.eus\/es\/shop\/\"},{\"@type\":\"ListItem\",\"position\":3,\"name\":\"Colgante Lauburu de colores \u2013 15mm Cord\u00f3n\"}]},{\"@type\":\"WebSite\",\"@id\":\"https:\/\/denda.museodelnacionalismovasco.eus\/es\/#website\",\"url\":\"https:\/\/denda.museodelnacionalismovasco.eus\/es\/\",\"name\":\"Museo del Nacionalismo Vasco - Tienda\",\"description\":\"\",\"potentialAction\":[{\"@type\":\"SearchAction\",\"target\":{\"@type\":\"EntryPoint\",\"urlTemplate\":\"https:\/\/denda.museodelnacionalismovasco.eus\/es\/?s={search_term_string}\"},\"query-input\":{\"@type\":\"PropertyValueSpecification\",\"valueRequired\":true,\"valueName\":\"search_term_string\"}}],\"inLanguage\":\"es\"}]}<\/script>\n<!-- \/ Yoast SEO plugin. -->","yoast_head_json":{"title":"Colgante Lauburu de colores \u2013 15mm Cord\u00f3n - Museo del Nacionalismo Vasco - Tienda","description":"Precioso colgante en forma de\u00a0Lauburu. Este\u00a0amuleto\u00a0de cuatro hojas es un s\u00edmbolo mitol\u00f3gico ancestral muy\u00a0caracter\u00edstico\u00a0en la cultura y costumbres del\u00a0Pa\u00eds Vasco. El\u00a0Lauburu\u00a0(\u201ccuatro cabezas\u201d) representa un\u00a0sol en movimiento, del cual estaba extendida la creencia de que dicho\u00a0sol\u00a0ten\u00eda poder contra la influencia del mal. Las cabezas de la vertical representan a la expresi\u00f3n femenina (emocional y perceptiva) o los elementos del\u00a0fuego\u00a0y del\u00a0agua. Por su parte, las cabezas horizontales simbolizan la energ\u00eda masculina (mental y f\u00edsica) o los elementos\u00a0aire\u00a0y\u00a0tierra. Composici\u00f3n:\u00a0 Acero inoxidable quir\u00fargico \u00a0316 L hipoalerg\u00e9nico (no magn\u00e9tico), Esmalte de colores. Tama\u00f1o:\u00a0 Di\u00e1metro del colgante:\u00a0 S 15mmSoporte: \u00a0Cord\u00f3n negro de aprox. 45cm de largo Presentaci\u00f3n:\u00a01x Cajita de cart\u00f3n\u00a0\u00abBasque Live\u00bb, 1x Descripci\u00f3n, 1x Colgante\u00a0Lauburu. Peso con embalaje:\u00a0Aprox. 30 gramos.","robots":{"index":"index","follow":"follow","max-snippet":"max-snippet:-1","max-image-preview":"max-image-preview:large","max-video-preview":"max-video-preview:-1"},"canonical":"https:\/\/denda.museodelnacionalismovasco.eus\/es\/producto\/colgante-lauburu-de-colores-15mm\/","og_locale":"es_ES","og_type":"article","og_title":"Colgante Lauburu de colores \u2013 15mm Cord\u00f3n - Museo del Nacionalismo Vasco - Tienda","og_description":"Precioso colgante en forma de\u00a0Lauburu. Este\u00a0amuleto\u00a0de cuatro hojas es un s\u00edmbolo mitol\u00f3gico ancestral muy\u00a0caracter\u00edstico\u00a0en la cultura y costumbres del\u00a0Pa\u00eds Vasco. El\u00a0Lauburu\u00a0(\u201ccuatro cabezas\u201d) representa un\u00a0sol en movimiento, del cual estaba extendida la creencia de que dicho\u00a0sol\u00a0ten\u00eda poder contra la influencia del mal. Las cabezas de la vertical representan a la expresi\u00f3n femenina (emocional y perceptiva) o los elementos del\u00a0fuego\u00a0y del\u00a0agua. Por su parte, las cabezas horizontales simbolizan la energ\u00eda masculina (mental y f\u00edsica) o los elementos\u00a0aire\u00a0y\u00a0tierra. Composici\u00f3n:\u00a0 Acero inoxidable quir\u00fargico \u00a0316 L hipoalerg\u00e9nico (no magn\u00e9tico), Esmalte de colores. Tama\u00f1o:\u00a0 Di\u00e1metro del colgante:\u00a0 S 15mmSoporte: \u00a0Cord\u00f3n negro de aprox. 45cm de largo Presentaci\u00f3n:\u00a01x Cajita de cart\u00f3n\u00a0\u00abBasque Live\u00bb, 1x Descripci\u00f3n, 1x Colgante\u00a0Lauburu. Peso con embalaje:\u00a0Aprox. 30 gramos.","og_url":"https:\/\/denda.museodelnacionalismovasco.eus\/es\/producto\/colgante-lauburu-de-colores-15mm\/","og_site_name":"Museo del Nacionalismo Vasco - Tienda","article_modified_time":"2025-12-18T11:38:47+00:00","og_image":[{"width":1652,"height":1652,"url":"https:\/\/denda.museodelnacionalismovasco.eus\/wp-content\/uploads\/2025\/06\/gargantilla-laurubu-colorines-cordon-10.jpg","type":"image\/jpeg"}],"twitter_card":"summary_large_image","twitter_misc":{"Tiempo de lectura":"1 minuto"},"schema":{"@context":"https:\/\/schema.org","@graph":[{"@type":"WebPage","@id":"https:\/\/denda.museodelnacionalismovasco.eus\/es\/producto\/colgante-lauburu-de-colores-15mm\/","url":"https:\/\/denda.museodelnacionalismovasco.eus\/es\/producto\/colgante-lauburu-de-colores-15mm\/","name":"Colgante Lauburu de colores \u2013 15mm Cord\u00f3n - Museo del Nacionalismo Vasco - Tienda","isPartOf":{"@id":"https:\/\/denda.museodelnacionalismovasco.eus\/es\/#website"},"primaryImageOfPage":{"@id":"https:\/\/denda.museodelnacionalismovasco.eus\/es\/producto\/colgante-lauburu-de-colores-15mm\/#primaryimage"},"image":{"@id":"https:\/\/denda.museodelnacionalismovasco.eus\/es\/producto\/colgante-lauburu-de-colores-15mm\/#primaryimage"},"thumbnailUrl":"https:\/\/denda.museodelnacionalismovasco.eus\/wp-content\/uploads\/2025\/06\/gargantilla-laurubu-colorines-cordon-10.jpg","datePublished":"2025-06-16T09:09:20+00:00","dateModified":"2025-12-18T11:38:47+00:00","description":"Precioso colgante en forma de\u00a0Lauburu. Este\u00a0amuleto\u00a0de cuatro hojas es un s\u00edmbolo mitol\u00f3gico ancestral muy\u00a0caracter\u00edstico\u00a0en la cultura y costumbres del\u00a0Pa\u00eds Vasco. El\u00a0Lauburu\u00a0(\u201ccuatro cabezas\u201d) representa un\u00a0sol en movimiento, del cual estaba extendida la creencia de que dicho\u00a0sol\u00a0ten\u00eda poder contra la influencia del mal. Las cabezas de la vertical representan a la expresi\u00f3n femenina (emocional y perceptiva) o los elementos del\u00a0fuego\u00a0y del\u00a0agua. Por su parte, las cabezas horizontales simbolizan la energ\u00eda masculina (mental y f\u00edsica) o los elementos\u00a0aire\u00a0y\u00a0tierra. Composici\u00f3n:\u00a0 Acero inoxidable quir\u00fargico \u00a0316 L hipoalerg\u00e9nico (no magn\u00e9tico), Esmalte de colores. Tama\u00f1o:\u00a0 Di\u00e1metro del colgante:\u00a0 S 15mmSoporte: \u00a0Cord\u00f3n negro de aprox. 45cm de largo Presentaci\u00f3n:\u00a01x Cajita de cart\u00f3n\u00a0\u00abBasque Live\u00bb, 1x Descripci\u00f3n, 1x Colgante\u00a0Lauburu. Peso con embalaje:\u00a0Aprox. 30 gramos.","breadcrumb":{"@id":"https:\/\/denda.museodelnacionalismovasco.eus\/es\/producto\/colgante-lauburu-de-colores-15mm\/#breadcrumb"},"inLanguage":"es","potentialAction":[{"@type":"ReadAction","target":["https:\/\/denda.museodelnacionalismovasco.eus\/es\/producto\/colgante-lauburu-de-colores-15mm\/"]}]},{"@type":"ImageObject","inLanguage":"es","@id":"https:\/\/denda.museodelnacionalismovasco.eus\/es\/producto\/colgante-lauburu-de-colores-15mm\/#primaryimage","url":"https:\/\/denda.museodelnacionalismovasco.eus\/wp-content\/uploads\/2025\/06\/gargantilla-laurubu-colorines-cordon-10.jpg","contentUrl":"https:\/\/denda.museodelnacionalismovasco.eus\/wp-content\/uploads\/2025\/06\/gargantilla-laurubu-colorines-cordon-10.jpg","width":1652,"height":1652,"caption":"Colgante lauburu koloreak zintzilikarioa"},{"@type":"BreadcrumbList","@id":"https:\/\/denda.museodelnacionalismovasco.eus\/es\/producto\/colgante-lauburu-de-colores-15mm\/#breadcrumb","itemListElement":[{"@type":"ListItem","position":1,"name":"Portada","item":"https:\/\/denda.museodelnacionalismovasco.eus\/es\/"},{"@type":"ListItem","position":2,"name":"Shop","item":"https:\/\/denda.museodelnacionalismovasco.eus\/es\/shop\/"},{"@type":"ListItem","position":3,"name":"Colgante Lauburu de colores \u2013 15mm Cord\u00f3n"}]},{"@type":"WebSite","@id":"https:\/\/denda.museodelnacionalismovasco.eus\/es\/#website","url":"https:\/\/denda.museodelnacionalismovasco.eus\/es\/","name":"Museo del Nacionalismo Vasco - Tienda","description":"","potentialAction":[{"@type":"SearchAction","target":{"@type":"EntryPoint","urlTemplate":"https:\/\/denda.museodelnacionalismovasco.eus\/es\/?s={search_term_string}"},"query-input":{"@type":"PropertyValueSpecification","valueRequired":true,"valueName":"search_term_string"}}],"inLanguage":"es"}]}},"_links":{"self":[{"href":"https:\/\/denda.museodelnacionalismovasco.eus\/es\/wp-json\/wp\/v2\/product\/5790","targetHints":{"allow":["GET"]}}],"collection":[{"href":"https:\/\/denda.museodelnacionalismovasco.eus\/es\/wp-json\/wp\/v2\/product"}],"about":[{"href":"https:\/\/denda.museodelnacionalismovasco.eus\/es\/wp-json\/wp\/v2\/types\/product"}],"wp:featuredmedia":[{"embeddable":true,"href":"https:\/\/denda.museodelnacionalismovasco.eus\/es\/wp-json\/wp\/v2\/media\/5795"}],"wp:attachment":[{"href":"https:\/\/denda.museodelnacionalismovasco.eus\/es\/wp-json\/wp\/v2\/media?parent=5790"}],"wp:term":[{"taxonomy":"product_brand","embeddable":true,"href":"https:\/\/denda.museodelnacionalismovasco.eus\/es\/wp-json\/wp\/v2\/product_brand?post=5790"},{"taxonomy":"product_cat","embeddable":true,"href":"https:\/\/denda.museodelnacionalismovasco.eus\/es\/wp-json\/wp\/v2\/product_cat?post=5790"},{"taxonomy":"product_tag","embeddable":true,"href":"https:\/\/denda.museodelnacionalismovasco.eus\/es\/wp-json\/wp\/v2\/product_tag?post=5790"}],"curies":[{"name":"wp","href":"https:\/\/api.w.org\/{rel}","templated":true}]}}