{"id":5610,"date":"2025-01-27T13:35:00","date_gmt":"2025-01-27T12:35:00","guid":{"rendered":"https:\/\/denda.museodelnacionalismovasco.eus\/?post_type=product&#038;p=5610"},"modified":"2026-02-17T12:51:40","modified_gmt":"2026-02-17T11:51:40","slug":"revista-hermes-79-euskara-arnasberritzeko-il-doak","status":"publish","type":"product","link":"https:\/\/denda.museodelnacionalismovasco.eus\/es\/producto\/revista-hermes-79-euskara-arnasberritzeko-il-doak\/","title":{"rendered":"Revista Hermes 79: Euskara, arnasberritzeko il doak"},"content":{"rendered":"<p>V\u00edas para la revitalizaci\u00f3n del euskara<\/p>\n<p>\u2022 Hermes dedica un monogr\u00e1fico a los retos a los que se enfrenta el idioma<\/p>\n<p>No solo est\u00e1 cambiando el mundo que nos rodea, en el fluctuante orden de las cosas entra tambi\u00e9n nuestra sociedad, que muta a ojos vista. La cultura vasca, el euskara, que tantos retrocesos y represi\u00f3n sufri\u00f3 en gran parte del siglo XX, conoci\u00f3 en el \u00faltimo tercio de la pasada centuria y en los comienzos del nuevo milenio un desarrollo y crecimiento que, sabiendo de qu\u00e9 situaci\u00f3n ven\u00eda, era dif\u00edcil esperar. Sin embargo, este inopinado renacer se produjo. Este florecimiento trajo a su vez un optimismo que nos llev\u00f3 a pensar que en d\u00e9cadas, una o dos generaciones, la cultura vasca, el euskara, conocer\u00eda una situaci\u00f3n social poco menos que ni so\u00f1ada por la generaci\u00f3n de nuestros abuelos.<\/p>\n<p>Es cierto que se ha avanzado mucho en el desarrollo de la lengua, en educaci\u00f3n, en la estandarizaci\u00f3n, se han ganado numerosos nuevos hablantes, pero\u2026 tenemos la sensaci\u00f3n de que hemos llegado a un fin de ciclo, y no solo la sensaci\u00f3n. Los estudios socioling\u00fc\u00edsticos nos indican que, a la vez que ganamos algunas batallas, perdemos en lo m\u00e1s importante. Donde antes se o\u00eda euskara ahora, nuestra lengua se est\u00e1 apagando, donde hasta hace poco el euskara era fuerte, algunas zonas geogr\u00e1ficas, el \u00e1mbito familiar, etc. est\u00e1n dejando de ser reservas y se est\u00e1n vaciando de euskaldunes.<\/p>\n<p>El n\u00famero 79 de Hermes, revista de pensamiento e historia que edita Sabino Arana Fundazioa, viene a aportar su grano de arena al debate que en nuestra sociedad se est\u00e1 dando ante la situaci\u00f3n presente del euskara. Erramun Osa, vicesecretario de Euskaltzaindia y coordinador de este n\u00famero monogr\u00e1fico, haciendo suyos los calificativos que se han planteado para definir la situaci\u00f3n actual de nuestra lengua (bide gurutzea, ataka, geldialdia, atzeranzko joeran sartzeko bidea\u2026), entiende que multiplicar las din\u00e1micas verticales de arriba abajo a largo plazo no plantea ninguna salida si no tienen el apoyo amplio y acordado de din\u00e1micas que se produzcan en sentido inverso, de abajo arriba. Estas din\u00e1micas, entre otros espacios, deben incidir en la educaci\u00f3n, en los entornos juveniles, en las pol\u00edticas de acogida a emigrantes, inteligencia artificial, etc.<\/p>\n<p>De inteligencia artificial trata el art\u00edculo que firma Arantza del Pozo, directora de Tecnolog\u00edas del Habla y del Lenguaje Natural de Vicomtech, quien muestra las grandes posibilidades que puede ofrecer en el desarrollo social del euskara. Pero, a su vez, trata tambi\u00e9n de las dificultades y de los peligros de la inteligencia artificial.<\/p>\n<p>El presidente de la Real Academia de la Lengua Vasca-Euskaltzaindia, Andres Urrutia, en su reflexi\u00f3n se\u00f1ala la importancia de configurar nuevas mayor\u00edas que impulsen un cambio de fondo en la correlaci\u00f3n de fuerzas ling\u00fc\u00edsticas. Pero, para ello, \u00bfqu\u00e9 hacer?, se pregunta el presidente de la Academia. Urrutia juzga imprescindible la transversalidad, recabar apoyos para el euskara en todos los \u00e1mbitos sociales. Solo as\u00ed, sin dejar a nadie fuera, podr\u00e1 lograse un avance en la difusi\u00f3n de nuestra lengua.<\/p>\n<p>En opini\u00f3n de Jon Sarasua, profesor en Mondragon Unibertsitateta y miembro correspondiente de Euskaltzaindia, en primer lugar, hay que interiorizar las caracter\u00edsticas, procesos y elementos identificadores. Por otra parte, hay que trabajar una visi\u00f3n panor\u00e1mica, al mismo tiempo que sint\u00e9tica, de las posibilidades actuales. Y, finalmente, hay que identificar las trayectorias de los elementos tractores. Todo ello deberemos utilizarlo para para dibujar una direcci\u00f3n, que deber\u00e1 caracterizarse por dos elementos, uno que represente el sue\u00f1o futuro y el otro, una prospectiva realista e informada. La sociedad hiper-moderna ofrece grande posibilidades, pero a la vez esta sociedad puede ser muy fr\u00eda. Los humanos tambi\u00e9n anhelamos la comunidad. La estrategia y la direcci\u00f3n del euskara estar\u00e1 unida al tejido comunitario cuidado y renovado. Si el euskara gozar\u00e1 de alg\u00fan espacio donde sea verdaderamente importante este ser\u00e1 el relacionado con vivir en comunidad. No solo servir\u00e1 para lo m\u00e1s cercano, pero este ser\u00e1 un valor a\u00f1adido fundamental.<\/p>\n<p>En el n\u00famero 79 de Hermes, adem\u00e1s de las reflexiones indicadas, se pueden leer el art\u00edculo de la escritora Toti Mart\u00ednez de Lezea, que trata del enigma del euskara o el euskara como enigma, y tambi\u00e9n una larga entrevista a Benito Lertxundi, donde el cantautor de Orio desde su amplia experiencia de seis d\u00e9cadas dedicadas a la canci\u00f3n, reflexiona sobre la m\u00fasica y la cultura vascas.<\/p>\n","protected":false},"excerpt":{"rendered":"<p>V\u00edas para la revitalizaci\u00f3n del euskara \u2022 Hermes dedica un [&hellip;]<\/p>\n","protected":false},"featured_media":5612,"template":"","meta":[],"product_brand":[],"product_cat":[96],"product_tag":[137,138,136,132,134,122,131,140,139],"class_list":{"0":"post-5610","1":"product","2":"type-product","3":"status-publish","4":"has-post-thumbnail","6":"product_cat-publicaciones","7":"product_tag-basquecountry","8":"product_tag-denda","9":"product_tag-euskadi","10":"product_tag-euskal-abertzaletasunaren-museoa","11":"product_tag-euzkadi","12":"product_tag-hermes","13":"product_tag-museo-del-nacionalismo-vasco","14":"product_tag-museum-of-basque-nationalism","15":"product_tag-tienda","17":"first","18":"instock","19":"shipping-taxable","20":"purchasable","21":"product-type-simple"},"yoast_head":"<!-- This site is optimized with the Yoast SEO plugin v24.7 - https:\/\/yoast.com\/wordpress\/plugins\/seo\/ -->\n<title>Revista Hermes 79: Euskara, arnasberritzeko il doak - Museo del Nacionalismo Vasco - Tienda<\/title>\n<meta name=\"description\" content=\"Hermes, revista de pensamiento y opini\u00f3n, numero 79\" \/>\n<meta name=\"robots\" content=\"index, follow, max-snippet:-1, max-image-preview:large, max-video-preview:-1\" \/>\n<link rel=\"canonical\" href=\"https:\/\/denda.museodelnacionalismovasco.eus\/es\/producto\/revista-hermes-79-euskara-arnasberritzeko-il-doak\/\" \/>\n<meta property=\"og:locale\" content=\"es_ES\" \/>\n<meta property=\"og:type\" content=\"article\" \/>\n<meta property=\"og:title\" content=\"Revista Hermes 79: Euskara, arnasberritzeko il doak - Museo del Nacionalismo Vasco - Tienda\" \/>\n<meta property=\"og:description\" content=\"Hermes, revista de pensamiento y opini\u00f3n, numero 79\" \/>\n<meta property=\"og:url\" content=\"https:\/\/denda.museodelnacionalismovasco.eus\/es\/producto\/revista-hermes-79-euskara-arnasberritzeko-il-doak\/\" \/>\n<meta property=\"og:site_name\" content=\"Museo del Nacionalismo Vasco - Tienda\" \/>\n<meta property=\"article:modified_time\" content=\"2026-02-17T11:51:40+00:00\" \/>\n<meta property=\"og:image\" content=\"https:\/\/denda.museodelnacionalismovasco.eus\/wp-content\/uploads\/2025\/01\/hermes-79.jpg\" \/>\n\t<meta property=\"og:image:width\" content=\"789\" \/>\n\t<meta property=\"og:image:height\" content=\"1123\" \/>\n\t<meta property=\"og:image:type\" content=\"image\/jpeg\" \/>\n<meta name=\"twitter:card\" content=\"summary_large_image\" \/>\n<meta name=\"twitter:label1\" content=\"Tiempo de lectura\" \/>\n\t<meta name=\"twitter:data1\" content=\"4 minutos\" \/>\n<script type=\"application\/ld+json\" class=\"yoast-schema-graph\">{\"@context\":\"https:\/\/schema.org\",\"@graph\":[{\"@type\":\"WebPage\",\"@id\":\"https:\/\/denda.museodelnacionalismovasco.eus\/es\/producto\/revista-hermes-79-euskara-arnasberritzeko-il-doak\/\",\"url\":\"https:\/\/denda.museodelnacionalismovasco.eus\/es\/producto\/revista-hermes-79-euskara-arnasberritzeko-il-doak\/\",\"name\":\"Revista Hermes 79: Euskara, arnasberritzeko il doak - Museo del Nacionalismo Vasco - Tienda\",\"isPartOf\":{\"@id\":\"https:\/\/denda.museodelnacionalismovasco.eus\/es\/#website\"},\"primaryImageOfPage\":{\"@id\":\"https:\/\/denda.museodelnacionalismovasco.eus\/es\/producto\/revista-hermes-79-euskara-arnasberritzeko-il-doak\/#primaryimage\"},\"image\":{\"@id\":\"https:\/\/denda.museodelnacionalismovasco.eus\/es\/producto\/revista-hermes-79-euskara-arnasberritzeko-il-doak\/#primaryimage\"},\"thumbnailUrl\":\"https:\/\/denda.museodelnacionalismovasco.eus\/wp-content\/uploads\/2025\/01\/hermes-79.jpg\",\"datePublished\":\"2025-01-27T12:35:00+00:00\",\"dateModified\":\"2026-02-17T11:51:40+00:00\",\"description\":\"Hermes, revista de pensamiento y opini\u00f3n, numero 79\",\"breadcrumb\":{\"@id\":\"https:\/\/denda.museodelnacionalismovasco.eus\/es\/producto\/revista-hermes-79-euskara-arnasberritzeko-il-doak\/#breadcrumb\"},\"inLanguage\":\"es\",\"potentialAction\":[{\"@type\":\"ReadAction\",\"target\":[\"https:\/\/denda.museodelnacionalismovasco.eus\/es\/producto\/revista-hermes-79-euskara-arnasberritzeko-il-doak\/\"]}]},{\"@type\":\"ImageObject\",\"inLanguage\":\"es\",\"@id\":\"https:\/\/denda.museodelnacionalismovasco.eus\/es\/producto\/revista-hermes-79-euskara-arnasberritzeko-il-doak\/#primaryimage\",\"url\":\"https:\/\/denda.museodelnacionalismovasco.eus\/wp-content\/uploads\/2025\/01\/hermes-79.jpg\",\"contentUrl\":\"https:\/\/denda.museodelnacionalismovasco.eus\/wp-content\/uploads\/2025\/01\/hermes-79.jpg\",\"width\":789,\"height\":1123},{\"@type\":\"BreadcrumbList\",\"@id\":\"https:\/\/denda.museodelnacionalismovasco.eus\/es\/producto\/revista-hermes-79-euskara-arnasberritzeko-il-doak\/#breadcrumb\",\"itemListElement\":[{\"@type\":\"ListItem\",\"position\":1,\"name\":\"Portada\",\"item\":\"https:\/\/denda.museodelnacionalismovasco.eus\/es\/\"},{\"@type\":\"ListItem\",\"position\":2,\"name\":\"Shop\",\"item\":\"https:\/\/denda.museodelnacionalismovasco.eus\/es\/shop\/\"},{\"@type\":\"ListItem\",\"position\":3,\"name\":\"Revista Hermes 79: Euskara, arnasberritzeko il doak\"}]},{\"@type\":\"WebSite\",\"@id\":\"https:\/\/denda.museodelnacionalismovasco.eus\/es\/#website\",\"url\":\"https:\/\/denda.museodelnacionalismovasco.eus\/es\/\",\"name\":\"Museo del Nacionalismo Vasco - Tienda\",\"description\":\"\",\"potentialAction\":[{\"@type\":\"SearchAction\",\"target\":{\"@type\":\"EntryPoint\",\"urlTemplate\":\"https:\/\/denda.museodelnacionalismovasco.eus\/es\/?s={search_term_string}\"},\"query-input\":{\"@type\":\"PropertyValueSpecification\",\"valueRequired\":true,\"valueName\":\"search_term_string\"}}],\"inLanguage\":\"es\"}]}<\/script>\n<!-- \/ Yoast SEO plugin. -->","yoast_head_json":{"title":"Revista Hermes 79: Euskara, arnasberritzeko il doak - Museo del Nacionalismo Vasco - Tienda","description":"Hermes, revista de pensamiento y opini\u00f3n, numero 79","robots":{"index":"index","follow":"follow","max-snippet":"max-snippet:-1","max-image-preview":"max-image-preview:large","max-video-preview":"max-video-preview:-1"},"canonical":"https:\/\/denda.museodelnacionalismovasco.eus\/es\/producto\/revista-hermes-79-euskara-arnasberritzeko-il-doak\/","og_locale":"es_ES","og_type":"article","og_title":"Revista Hermes 79: Euskara, arnasberritzeko il doak - Museo del Nacionalismo Vasco - Tienda","og_description":"Hermes, revista de pensamiento y opini\u00f3n, numero 79","og_url":"https:\/\/denda.museodelnacionalismovasco.eus\/es\/producto\/revista-hermes-79-euskara-arnasberritzeko-il-doak\/","og_site_name":"Museo del Nacionalismo Vasco - Tienda","article_modified_time":"2026-02-17T11:51:40+00:00","og_image":[{"width":789,"height":1123,"url":"https:\/\/denda.museodelnacionalismovasco.eus\/wp-content\/uploads\/2025\/01\/hermes-79.jpg","type":"image\/jpeg"}],"twitter_card":"summary_large_image","twitter_misc":{"Tiempo de lectura":"4 minutos"},"schema":{"@context":"https:\/\/schema.org","@graph":[{"@type":"WebPage","@id":"https:\/\/denda.museodelnacionalismovasco.eus\/es\/producto\/revista-hermes-79-euskara-arnasberritzeko-il-doak\/","url":"https:\/\/denda.museodelnacionalismovasco.eus\/es\/producto\/revista-hermes-79-euskara-arnasberritzeko-il-doak\/","name":"Revista Hermes 79: Euskara, arnasberritzeko il doak - Museo del Nacionalismo Vasco - Tienda","isPartOf":{"@id":"https:\/\/denda.museodelnacionalismovasco.eus\/es\/#website"},"primaryImageOfPage":{"@id":"https:\/\/denda.museodelnacionalismovasco.eus\/es\/producto\/revista-hermes-79-euskara-arnasberritzeko-il-doak\/#primaryimage"},"image":{"@id":"https:\/\/denda.museodelnacionalismovasco.eus\/es\/producto\/revista-hermes-79-euskara-arnasberritzeko-il-doak\/#primaryimage"},"thumbnailUrl":"https:\/\/denda.museodelnacionalismovasco.eus\/wp-content\/uploads\/2025\/01\/hermes-79.jpg","datePublished":"2025-01-27T12:35:00+00:00","dateModified":"2026-02-17T11:51:40+00:00","description":"Hermes, revista de pensamiento y opini\u00f3n, numero 79","breadcrumb":{"@id":"https:\/\/denda.museodelnacionalismovasco.eus\/es\/producto\/revista-hermes-79-euskara-arnasberritzeko-il-doak\/#breadcrumb"},"inLanguage":"es","potentialAction":[{"@type":"ReadAction","target":["https:\/\/denda.museodelnacionalismovasco.eus\/es\/producto\/revista-hermes-79-euskara-arnasberritzeko-il-doak\/"]}]},{"@type":"ImageObject","inLanguage":"es","@id":"https:\/\/denda.museodelnacionalismovasco.eus\/es\/producto\/revista-hermes-79-euskara-arnasberritzeko-il-doak\/#primaryimage","url":"https:\/\/denda.museodelnacionalismovasco.eus\/wp-content\/uploads\/2025\/01\/hermes-79.jpg","contentUrl":"https:\/\/denda.museodelnacionalismovasco.eus\/wp-content\/uploads\/2025\/01\/hermes-79.jpg","width":789,"height":1123},{"@type":"BreadcrumbList","@id":"https:\/\/denda.museodelnacionalismovasco.eus\/es\/producto\/revista-hermes-79-euskara-arnasberritzeko-il-doak\/#breadcrumb","itemListElement":[{"@type":"ListItem","position":1,"name":"Portada","item":"https:\/\/denda.museodelnacionalismovasco.eus\/es\/"},{"@type":"ListItem","position":2,"name":"Shop","item":"https:\/\/denda.museodelnacionalismovasco.eus\/es\/shop\/"},{"@type":"ListItem","position":3,"name":"Revista Hermes 79: Euskara, arnasberritzeko il doak"}]},{"@type":"WebSite","@id":"https:\/\/denda.museodelnacionalismovasco.eus\/es\/#website","url":"https:\/\/denda.museodelnacionalismovasco.eus\/es\/","name":"Museo del Nacionalismo Vasco - Tienda","description":"","potentialAction":[{"@type":"SearchAction","target":{"@type":"EntryPoint","urlTemplate":"https:\/\/denda.museodelnacionalismovasco.eus\/es\/?s={search_term_string}"},"query-input":{"@type":"PropertyValueSpecification","valueRequired":true,"valueName":"search_term_string"}}],"inLanguage":"es"}]}},"_links":{"self":[{"href":"https:\/\/denda.museodelnacionalismovasco.eus\/es\/wp-json\/wp\/v2\/product\/5610","targetHints":{"allow":["GET"]}}],"collection":[{"href":"https:\/\/denda.museodelnacionalismovasco.eus\/es\/wp-json\/wp\/v2\/product"}],"about":[{"href":"https:\/\/denda.museodelnacionalismovasco.eus\/es\/wp-json\/wp\/v2\/types\/product"}],"wp:featuredmedia":[{"embeddable":true,"href":"https:\/\/denda.museodelnacionalismovasco.eus\/es\/wp-json\/wp\/v2\/media\/5612"}],"wp:attachment":[{"href":"https:\/\/denda.museodelnacionalismovasco.eus\/es\/wp-json\/wp\/v2\/media?parent=5610"}],"wp:term":[{"taxonomy":"product_brand","embeddable":true,"href":"https:\/\/denda.museodelnacionalismovasco.eus\/es\/wp-json\/wp\/v2\/product_brand?post=5610"},{"taxonomy":"product_cat","embeddable":true,"href":"https:\/\/denda.museodelnacionalismovasco.eus\/es\/wp-json\/wp\/v2\/product_cat?post=5610"},{"taxonomy":"product_tag","embeddable":true,"href":"https:\/\/denda.museodelnacionalismovasco.eus\/es\/wp-json\/wp\/v2\/product_tag?post=5610"}],"curies":[{"name":"wp","href":"https:\/\/api.w.org\/{rel}","templated":true}]}}